{"id":6886,"date":"2026-01-09T20:56:52","date_gmt":"2026-01-09T19:56:52","guid":{"rendered":"https:\/\/www.musiktheater-piano.de\/?post_type=mec-events&#038;p=6886"},"modified":"2026-02-02T19:19:51","modified_gmt":"2026-02-02T18:19:51","slug":"ana-popovic-20260326-musiktheater-piano-dortmund","status":"publish","type":"mec-events","link":"https:\/\/www.musiktheater-piano.de\/en\/events\/ana-popovic-20260326-musiktheater-piano-dortmund\/","title":{"rendered":"Ana Popovic <br>Dance To The Rhythm Tour 2026"},"content":{"rendered":"<p>Die in Los Angeles lebende, von Kritikern gefeierte Gitarristin und S\u00e4ngerin Ana Popovic wird am 26. September 2025 ihr mit Spannung erwartetes neues Album Dance To The Rhythm (Electric Heel Records) ver\u00f6ffentlichen. Produziert von Popovic selbst und Buthel, pr\u00e4sentiert das Album eine wegweisende Fusion aus Groove, Blues, Funk und Soul. Aufbauend auf den Erfolgen ihrer bisherigen Werke geht Dance To The Rhythm noch einen Schritt weiter und sprengt musikalische Grenzen, indem es ansteckende Dance-Grooves (\u201eDance To The Rhythm\u201c \/ \u201eSho Nuff\u201c) mit rauer Blues-Gitarre und kraftvollen Texten verbindet.<\/p>\n<p>Von dem souligen \u201eSoul\u2019ution\u201c \u00fcber das funky \u201eHottest Ticket In Town\u201c bis hin zu den bluesigen St\u00fccken \u201eDwell On The Feeling\u201c und \u201eCalifornia Chase\u201c spannt das Album einen vielseitigen musikalischen Bogen, der Popovics beeindruckende Vielseitigkeit widerspiegelt. Der Song \u201eSisters and Brothers\u201c greift ein Arrangement im Stil von Steely Dan auf, w\u00e4hrend \u201eHurt So Good\u201c mit einem zeitgem\u00e4\u00dfen, massentauglichen Sound \u00fcberzeugt.<\/p>\n<p>Der ultimative Jam findet sich in einer cleveren Neuinterpretation von Paul Simons \u201e50 Ways to Leave Your Lover\u201c. Ana sagt dazu:<br \/>\n\u201eEine meiner gr\u00f6\u00dften St\u00e4rken auf der B\u00fchne ist meine F\u00e4higkeit, Menschen zum Tanzen zu bringen. Musik sollte dich an einen Ort f\u00fchren, an dem du loslassen kannst, den Groove f\u00fchlst und dich bewegst. Musik soll dich packen, einen unwiderstehlichen Flow haben \u2013 alles andere ordnet sich dem unter. Blues-Gitarre war bisher kaum Teil von Tanzmusik, und genau darin liegt etwas Revolution\u00e4res. Die Gitarre spielt in diesen Songs eine zentrale Rolle und \u00fcberwindet Grenzen von Zeit, Kultur und musikalischen Traditionen. Mit diesem Album verschiebe ich genau diese Grenzen.\u201c<\/p>\n<p>F\u00fcr Ana ist die Blues-Gitarre das Fundament all ihrer Musik. Gleichzeitig verbindet sie m\u00fchelos unterschiedliche Genres und wechselt spielend zwischen Blues, Dance, Jam Band, Funk, Pop und sogar Gospel \u2013 all das ist Teil ihres stetig wachsenden Sounds. Als echte Pionierin kombiniert sie ihre Blues-Wurzeln mit mutigen Experimenten und definiert die Schnittstelle zwischen Blues- und Tanzmusik neu. Ihre Live-Auftritte \u2013 ob mit ihrer sechs- oder elfk\u00f6pfigen Funkband FUNTASTAFUNK \u2013 sind elektrisierend und verbinden kraftvolle Gitarrenarbeit mit unwiderstehlichen Rhythmen, die das Publikum f\u00f6rmlich in Bewegung zwingen.<\/p>\n<p>Die mehrfach ausgezeichnete K\u00fcnstlerin wurde von renommierten Medien und Branchengr\u00f6\u00dfen gew\u00fcrdigt, darunter Bruce Springsteen, der sie als \u201eeine verdammt gro\u00dfartige Gitarristin\u201c bezeichnete. Sie wurde siebenmal f\u00fcr die Blues Music Awards nominiert, und ihr aktuelles Album POWER erreichte Platz 1 der Billboard Blues Charts. Ana stand bereits mit Legenden wie B.B. King, Joe Bonamassa, Warren Haynes, Robert Plant und Gary Clark Jr. auf der B\u00fchne und ist Endorserin von Fender, D\u2019Angelico, Jim Dunlop und DR Strings. Ihr kompromissloses Engagement f\u00fcr ihre Musik und ihr Mut, Grenzen immer wieder neu zu definieren, machen sie zu einer der dynamischsten Pers\u00f6nlichkeiten des zeitgen\u00f6ssischen Blues \u2013 und dar\u00fcber hinaus.<\/p>\n<p>\u201eIn den 25 Jahren seit der Ver\u00f6ffentlichung ihres Deb\u00fctalbums Hometown hat sich die Blues-Virtuosin Ana Popovic als Naturgewalt erwiesen \u2013 mit einer klassischen Strat in der Hand.\u201c<br \/>\n\u2013 Guitar World<\/p>\n<p>\u201eAna Popovic verbindet Rock, Blues und Jazz zu explosiver Power.\u201c<br \/>\n\u2013 No Depression<\/p>\n<p>\u201eEine knallharte Gitarristin mit silberner Strat \u2013 sie spielt diesen Song [\u201aWorked Up\u2018] mit Haltung, Stil und Souver\u00e4nit\u00e4t. \u2026 \u201aWorked Up\u2018 f\u00e4ngt ihre Liebe zu funky Grooves ebenso ein wie die Sch\u00e4rfe kraftvoller Rock-Gitarren.\u201c<br \/>\n\u2013 Rock &amp; Blues Muse<\/p>\n<div class=\"shariff shariff-align-center shariff-widget-align-center\"><ul class=\"shariff-buttons theme-color orientation-horizontal buttonsize-medium\"><li class=\"shariff-button facebook shariff-nocustomcolor\" style=\"background-color:#4273c8\"><a href=\"https:\/\/www.facebook.com\/sharer\/sharer.php?u=https%3A%2F%2Fwww.musiktheater-piano.de%2Fen%2Fevents%2Fana-popovic-20260326-musiktheater-piano-dortmund%2F\" title=\"Bei Facebook teilen\" aria-label=\"Bei Facebook teilen\" role=\"button\" rel=\"nofollow\" class=\"shariff-link\" style=\"; background-color:#3b5998; color:#fff\" target=\"_blank\"><span class=\"shariff-icon\" style=\"\"><svg width=\"32px\" height=\"20px\" xmlns=\"http:\/\/www.w3.org\/2000\/svg\" viewBox=\"0 0 18 32\"><path fill=\"#3b5998\" d=\"M17.1 0.2v4.7h-2.8q-1.5 0-2.1 0.6t-0.5 1.9v3.4h5.2l-0.7 5.3h-4.5v13.6h-5.5v-13.6h-4.5v-5.3h4.5v-3.9q0-3.3 1.9-5.2t5-1.8q2.6 0 4.1 0.2z\"\/><\/svg><\/span><span class=\"shariff-text\">teilen<\/span>&nbsp;<\/a><\/li><li class=\"shariff-button twitter shariff-nocustomcolor\" style=\"background-color:#595959\"><a href=\"https:\/\/twitter.com\/share?url=https%3A%2F%2Fwww.musiktheater-piano.de%2Fen%2Fevents%2Fana-popovic-20260326-musiktheater-piano-dortmund%2F&text=Ana%20Popovic%20Dance%20To%20The%20Rhythm%20Tour%202026\" title=\"Bei X teilen\" aria-label=\"Bei X teilen\" role=\"button\" rel=\"noopener nofollow\" class=\"shariff-link\" style=\"; background-color:#000; color:#fff\" target=\"_blank\"><span class=\"shariff-icon\" style=\"\"><svg width=\"32px\" height=\"20px\" xmlns=\"http:\/\/www.w3.org\/2000\/svg\" viewBox=\"0 0 24 24\"><path fill=\"#000\" d=\"M14.258 10.152L23.176 0h-2.113l-7.747 8.813L7.133 0H0l9.352 13.328L0 23.973h2.113l8.176-9.309 6.531 9.309h7.133zm-2.895 3.293l-.949-1.328L2.875 1.56h3.246l6.086 8.523.945 1.328 7.91 11.078h-3.246zm0 0\"\/><\/svg><\/span><span class=\"shariff-text\">teilen<\/span>&nbsp;<\/a><\/li><li class=\"shariff-button pinterest shariff-nocustomcolor\" style=\"background-color:#e70f18\"><a href=\"https:\/\/www.pinterest.com\/pin\/create\/link\/?url=https%3A%2F%2Fwww.musiktheater-piano.de%2Fen%2Fevents%2Fana-popovic-20260326-musiktheater-piano-dortmund%2F&media=https%3A%2F%2Fwww.musiktheater-piano.de%2Fwp-content%2Fuploads%2F2026%2F01%2Fana-popovic-promophotoa-2026-1920.jpg&description=Ana%20Popovic%20Dance%20To%20The%20Rhythm%20Tour%202026\" title=\"Bei Pinterest pinnen\" aria-label=\"Bei Pinterest pinnen\" role=\"button\" rel=\"noopener nofollow\" class=\"shariff-link\" style=\"; background-color:#cb2027; color:#fff\" target=\"_blank\"><span class=\"shariff-icon\" style=\"\"><svg width=\"32px\" height=\"20px\" xmlns=\"http:\/\/www.w3.org\/2000\/svg\" viewBox=\"0 0 27 32\"><path fill=\"#cb2027\" d=\"M27.4 16q0 3.7-1.8 6.9t-5 5-6.9 1.9q-2 0-3.9-0.6 1.1-1.7 1.4-2.9 0.2-0.6 1-3.8 0.4 0.7 1.3 1.2t2 0.5q2.1 0 3.8-1.2t2.7-3.4 0.9-4.8q0-2-1.1-3.8t-3.1-2.9-4.5-1.2q-1.9 0-3.5 0.5t-2.8 1.4-2 2-1.2 2.3-0.4 2.4q0 1.9 0.7 3.3t2.1 2q0.5 0.2 0.7-0.4 0-0.1 0.1-0.5t0.2-0.5q0.1-0.4-0.2-0.8-0.9-1.1-0.9-2.7 0-2.7 1.9-4.6t4.9-2q2.7 0 4.2 1.5t1.5 3.8q0 3-1.2 5.2t-3.1 2.1q-1.1 0-1.7-0.8t-0.4-1.9q0.1-0.6 0.5-1.7t0.5-1.8 0.2-1.4q0-0.9-0.5-1.5t-1.4-0.6q-1.1 0-1.9 1t-0.8 2.6q0 1.3 0.4 2.2l-1.8 7.5q-0.3 1.2-0.2 3.2-3.7-1.6-6-5t-2.3-7.6q0-3.7 1.9-6.9t5-5 6.9-1.9 6.9 1.9 5 5 1.8 6.9z\"\/><\/svg><\/span><span class=\"shariff-text\">merken<\/span>&nbsp;<\/a><\/li><li class=\"shariff-button whatsapp shariff-nocustomcolor shariff-mobile\" style=\"background-color:#5cbe4a\"><a href=\"https:\/\/api.whatsapp.com\/send?text=https%3A%2F%2Fwww.musiktheater-piano.de%2Fen%2Fevents%2Fana-popovic-20260326-musiktheater-piano-dortmund%2F%20Ana%20Popovic%20Dance%20To%20The%20Rhythm%20Tour%202026\" title=\"Bei Whatsapp teilen\" aria-label=\"Bei Whatsapp teilen\" role=\"button\" rel=\"noopener nofollow\" class=\"shariff-link\" style=\"; background-color:#34af23; color:#fff\" target=\"_blank\"><span class=\"shariff-icon\" style=\"\"><svg width=\"32px\" height=\"20px\" xmlns=\"http:\/\/www.w3.org\/2000\/svg\" viewBox=\"0 0 32 32\"><path fill=\"#34af23\" d=\"M17.6 17.4q0.2 0 1.7 0.8t1.6 0.9q0 0.1 0 0.3 0 0.6-0.3 1.4-0.3 0.7-1.3 1.2t-1.8 0.5q-1 0-3.4-1.1-1.7-0.8-3-2.1t-2.6-3.3q-1.3-1.9-1.3-3.5v-0.1q0.1-1.6 1.3-2.8 0.4-0.4 0.9-0.4 0.1 0 0.3 0t0.3 0q0.3 0 0.5 0.1t0.3 0.5q0.1 0.4 0.6 1.6t0.4 1.3q0 0.4-0.6 1t-0.6 0.8q0 0.1 0.1 0.3 0.6 1.3 1.8 2.4 1 0.9 2.7 1.8 0.2 0.1 0.4 0.1 0.3 0 1-0.9t0.9-0.9zM14 26.9q2.3 0 4.3-0.9t3.6-2.4 2.4-3.6 0.9-4.3-0.9-4.3-2.4-3.6-3.6-2.4-4.3-0.9-4.3 0.9-3.6 2.4-2.4 3.6-0.9 4.3q0 3.6 2.1 6.6l-1.4 4.2 4.3-1.4q2.8 1.9 6.2 1.9zM14 2.2q2.7 0 5.2 1.1t4.3 2.9 2.9 4.3 1.1 5.2-1.1 5.2-2.9 4.3-4.3 2.9-5.2 1.1q-3.5 0-6.5-1.7l-7.4 2.4 2.4-7.2q-1.9-3.2-1.9-6.9 0-2.7 1.1-5.2t2.9-4.3 4.3-2.9 5.2-1.1z\"\/><\/svg><\/span><span class=\"shariff-text\">teilen<\/span>&nbsp;<\/a><\/li><\/ul><\/div>","protected":false},"excerpt":{"rendered":"<p>Die in Los Angeles lebende, von Kritikern gefeierte Gitarristin und S\u00e4ngerin Ana Popovic wird am 26. September 2025 ihr mit Spannung erwartetes neues Album Dance To The Rhythm (Electric Heel Records) ver\u00f6ffentlichen. Produziert von Popovic selbst und Buthel, pr\u00e4sentiert das Album eine wegweisende Fusion aus Groove, Blues, Funk und Soul. Aufbauend auf den Erfolgen ihrer [&hellip;]<\/p>\n","protected":false},"author":6,"featured_media":6888,"comment_status":"closed","ping_status":"closed","template":"elementor_header_footer","meta":{"site-sidebar-layout":"default","site-content-layout":"","ast-site-content-layout":"default","site-content-style":"default","site-sidebar-style":"default","ast-global-header-display":"","ast-banner-title-visibility":"","ast-main-header-display":"","ast-hfb-above-header-display":"","ast-hfb-below-header-display":"","ast-hfb-mobile-header-display":"","site-post-title":"","ast-breadcrumbs-content":"","ast-featured-img":"","footer-sml-layout":"","ast-disable-related-posts":"","theme-transparent-header-meta":"default","adv-header-id-meta":"","stick-header-meta":"","header-above-stick-meta":"","header-main-stick-meta":"","header-below-stick-meta":"","astra-migrate-meta-layouts":"set","ast-page-background-enabled":"default","ast-page-background-meta":{"desktop":{"background-color":"","background-image":"","background-repeat":"repeat","background-position":"center center","background-size":"auto","background-attachment":"scroll","background-type":"","background-media":"","overlay-type":"","overlay-color":"","overlay-opacity":"","overlay-gradient":""},"tablet":{"background-color":"","background-image":"","background-repeat":"repeat","background-position":"center center","background-size":"auto","background-attachment":"scroll","background-type":"","background-media":"","overlay-type":"","overlay-color":"","overlay-opacity":"","overlay-gradient":""},"mobile":{"background-color":"","background-image":"","background-repeat":"repeat","background-position":"center center","background-size":"auto","background-attachment":"scroll","background-type":"","background-media":"","overlay-type":"","overlay-color":"","overlay-opacity":"","overlay-gradient":""}},"ast-content-background-meta":{"desktop":{"background-color":"var(--ast-global-color-5)","background-image":"","background-repeat":"repeat","background-position":"center center","background-size":"auto","background-attachment":"scroll","background-type":"","background-media":"","overlay-type":"","overlay-color":"","overlay-opacity":"","overlay-gradient":""},"tablet":{"background-color":"var(--ast-global-color-5)","background-image":"","background-repeat":"repeat","background-position":"center center","background-size":"auto","background-attachment":"scroll","background-type":"","background-media":"","overlay-type":"","overlay-color":"","overlay-opacity":"","overlay-gradient":""},"mobile":{"background-color":"var(--ast-global-color-5)","background-image":"","background-repeat":"repeat","background-position":"center center","background-size":"auto","background-attachment":"scroll","background-type":"","background-media":"","overlay-type":"","overlay-color":"","overlay-opacity":"","overlay-gradient":""}},"footnotes":""},"tags":[],"mec_category":[],"hf_cat_mec-events":[93],"class_list":["post-6886","mec-events","type-mec-events","status-publish","has-post-thumbnail","hentry"],"yoast_head":"<!-- This site is optimized with the Yoast SEO plugin v28.3 - https:\/\/yoast.com\/product\/yoast-seo-wordpress\/ -->\n<title>Ana Popovic Dance To The Rhythm Tour 2026 | Musiktheater Piano<\/title>\n<meta name=\"robots\" content=\"index, follow, max-snippet:-1, max-image-preview:large, max-video-preview:-1\" \/>\n<link rel=\"canonical\" href=\"https:\/\/www.musiktheater-piano.de\/en\/events\/ana-popovic-20260326-musiktheater-piano-dortmund\/\" \/>\n<meta property=\"og:locale\" content=\"en_GB\" \/>\n<meta property=\"og:type\" content=\"article\" \/>\n<meta property=\"og:title\" content=\"Ana Popovic Dance To The Rhythm Tour 2026 | Musiktheater Piano\" \/>\n<meta property=\"og:description\" content=\"Die in Los Angeles lebende, von Kritikern gefeierte Gitarristin und S\u00e4ngerin Ana Popovic wird am 26. September 2025 ihr mit Spannung erwartetes neues Album Dance To The Rhythm (Electric Heel Records) ver\u00f6ffentlichen. Produziert von Popovic selbst und Buthel, pr\u00e4sentiert das Album eine wegweisende Fusion aus Groove, Blues, Funk und Soul. Aufbauend auf den Erfolgen ihrer [&hellip;]\" \/>\n<meta property=\"og:url\" content=\"https:\/\/www.musiktheater-piano.de\/en\/events\/ana-popovic-20260326-musiktheater-piano-dortmund\/\" \/>\n<meta property=\"og:site_name\" content=\"Musiktheater Piano\" \/>\n<meta property=\"article:publisher\" content=\"https:\/\/www.facebook.com\/musiktheaterpiano\/\" \/>\n<meta property=\"article:modified_time\" content=\"2026-02-02T18:19:51+00:00\" \/>\n<meta property=\"og:image\" content=\"https:\/\/www.musiktheater-piano.de\/wp-content\/uploads\/2026\/01\/ana-popovic-promophotoa-2026-1920.jpg\" \/>\n\t<meta property=\"og:image:width\" content=\"1920\" \/>\n\t<meta property=\"og:image:height\" content=\"1080\" \/>\n\t<meta property=\"og:image:type\" content=\"image\/jpeg\" \/>\n<meta name=\"twitter:card\" content=\"summary_large_image\" \/>\n<script type=\"application\/ld+json\" class=\"yoast-schema-graph\">{\"@context\":\"https:\\\/\\\/schema.org\",\"@graph\":[{\"@type\":\"Article\",\"@id\":\"https:\\\/\\\/www.musiktheater-piano.de\\\/events\\\/ana-popovic-20260326-musiktheater-piano-dortmund\\\/#article\",\"isPartOf\":{\"@id\":\"https:\\\/\\\/www.musiktheater-piano.de\\\/events\\\/ana-popovic-20260326-musiktheater-piano-dortmund\\\/\"},\"author\":{\"name\":\"Bianca\",\"@id\":\"https:\\\/\\\/www.musiktheater-piano.de\\\/#\\\/schema\\\/person\\\/c2aa179027667246a9118260a94dec9f\"},\"headline\":\"Ana Popovic Dance To The Rhythm Tour 2026\",\"datePublished\":\"2026-01-09T19:56:52+00:00\",\"dateModified\":\"2026-02-02T18:19:51+00:00\",\"mainEntityOfPage\":{\"@id\":\"https:\\\/\\\/www.musiktheater-piano.de\\\/events\\\/ana-popovic-20260326-musiktheater-piano-dortmund\\\/\"},\"wordCount\":553,\"publisher\":{\"@id\":\"https:\\\/\\\/www.musiktheater-piano.de\\\/#organization\"},\"image\":{\"@id\":\"https:\\\/\\\/www.musiktheater-piano.de\\\/events\\\/ana-popovic-20260326-musiktheater-piano-dortmund\\\/#primaryimage\"},\"thumbnailUrl\":\"https:\\\/\\\/www.musiktheater-piano.de\\\/wp-content\\\/uploads\\\/2026\\\/01\\\/ana-popovic-promophotoa-2026-1920.jpg\",\"inLanguage\":\"en-GB\"},{\"@type\":\"WebPage\",\"@id\":\"https:\\\/\\\/www.musiktheater-piano.de\\\/events\\\/ana-popovic-20260326-musiktheater-piano-dortmund\\\/\",\"url\":\"https:\\\/\\\/www.musiktheater-piano.de\\\/events\\\/ana-popovic-20260326-musiktheater-piano-dortmund\\\/\",\"name\":\"Ana Popovic Dance To The Rhythm Tour 2026 | Musiktheater Piano\",\"isPartOf\":{\"@id\":\"https:\\\/\\\/www.musiktheater-piano.de\\\/#website\"},\"primaryImageOfPage\":{\"@id\":\"https:\\\/\\\/www.musiktheater-piano.de\\\/events\\\/ana-popovic-20260326-musiktheater-piano-dortmund\\\/#primaryimage\"},\"image\":{\"@id\":\"https:\\\/\\\/www.musiktheater-piano.de\\\/events\\\/ana-popovic-20260326-musiktheater-piano-dortmund\\\/#primaryimage\"},\"thumbnailUrl\":\"https:\\\/\\\/www.musiktheater-piano.de\\\/wp-content\\\/uploads\\\/2026\\\/01\\\/ana-popovic-promophotoa-2026-1920.jpg\",\"datePublished\":\"2026-01-09T19:56:52+00:00\",\"dateModified\":\"2026-02-02T18:19:51+00:00\",\"breadcrumb\":{\"@id\":\"https:\\\/\\\/www.musiktheater-piano.de\\\/events\\\/ana-popovic-20260326-musiktheater-piano-dortmund\\\/#breadcrumb\"},\"inLanguage\":\"en-GB\",\"potentialAction\":[{\"@type\":\"ReadAction\",\"target\":[\"https:\\\/\\\/www.musiktheater-piano.de\\\/events\\\/ana-popovic-20260326-musiktheater-piano-dortmund\\\/\"]}]},{\"@type\":\"ImageObject\",\"inLanguage\":\"en-GB\",\"@id\":\"https:\\\/\\\/www.musiktheater-piano.de\\\/events\\\/ana-popovic-20260326-musiktheater-piano-dortmund\\\/#primaryimage\",\"url\":\"https:\\\/\\\/www.musiktheater-piano.de\\\/wp-content\\\/uploads\\\/2026\\\/01\\\/ana-popovic-promophotoa-2026-1920.jpg\",\"contentUrl\":\"https:\\\/\\\/www.musiktheater-piano.de\\\/wp-content\\\/uploads\\\/2026\\\/01\\\/ana-popovic-promophotoa-2026-1920.jpg\",\"width\":1920,\"height\":1080},{\"@type\":\"BreadcrumbList\",\"@id\":\"https:\\\/\\\/www.musiktheater-piano.de\\\/events\\\/ana-popovic-20260326-musiktheater-piano-dortmund\\\/#breadcrumb\",\"itemListElement\":[{\"@type\":\"ListItem\",\"position\":1,\"name\":\"Startseite\",\"item\":\"https:\\\/\\\/www.musiktheater-piano.de\\\/\"},{\"@type\":\"ListItem\",\"position\":2,\"name\":\"Veranstaltungen\",\"item\":\"https:\\\/\\\/www.musiktheater-piano.de\\\/events\\\/\"},{\"@type\":\"ListItem\",\"position\":3,\"name\":\"Ana Popovic Dance To The Rhythm Tour 2026\"}]},{\"@type\":\"WebSite\",\"@id\":\"https:\\\/\\\/www.musiktheater-piano.de\\\/#website\",\"url\":\"https:\\\/\\\/www.musiktheater-piano.de\\\/\",\"name\":\"Musiktheater Piano\",\"description\":\"Eure Musik-Kneipe f\u00fcr Jazz, Blues und Rock\",\"publisher\":{\"@id\":\"https:\\\/\\\/www.musiktheater-piano.de\\\/#organization\"},\"potentialAction\":[{\"@type\":\"SearchAction\",\"target\":{\"@type\":\"EntryPoint\",\"urlTemplate\":\"https:\\\/\\\/www.musiktheater-piano.de\\\/?s={search_term_string}\"},\"query-input\":{\"@type\":\"PropertyValueSpecification\",\"valueRequired\":true,\"valueName\":\"search_term_string\"}}],\"inLanguage\":\"en-GB\"},{\"@type\":\"Organization\",\"@id\":\"https:\\\/\\\/www.musiktheater-piano.de\\\/#organization\",\"name\":\"Musiktheater Piano\",\"url\":\"https:\\\/\\\/www.musiktheater-piano.de\\\/\",\"logo\":{\"@type\":\"ImageObject\",\"inLanguage\":\"en-GB\",\"@id\":\"https:\\\/\\\/www.musiktheater-piano.de\\\/#\\\/schema\\\/logo\\\/image\\\/\",\"url\":\"https:\\\/\\\/www.musiktheater-piano.de\\\/wp-content\\\/uploads\\\/2023\\\/10\\\/logo-neu-2.jpg\",\"contentUrl\":\"https:\\\/\\\/www.musiktheater-piano.de\\\/wp-content\\\/uploads\\\/2023\\\/10\\\/logo-neu-2.jpg\",\"width\":2000,\"height\":2000,\"caption\":\"Musiktheater Piano\"},\"image\":{\"@id\":\"https:\\\/\\\/www.musiktheater-piano.de\\\/#\\\/schema\\\/logo\\\/image\\\/\"},\"sameAs\":[\"https:\\\/\\\/www.facebook.com\\\/musiktheaterpiano\\\/\",\"https:\\\/\\\/www.instagram.com\\\/musiktheaterpiano\\\/\",\"https:\\\/\\\/www.youtube.com\\\/channel\\\/UCk39QJTr8wrW_uqkwJ3rWIg\"]},{\"@type\":\"Person\",\"@id\":\"https:\\\/\\\/www.musiktheater-piano.de\\\/#\\\/schema\\\/person\\\/c2aa179027667246a9118260a94dec9f\",\"name\":\"Bianca\",\"sameAs\":[\"https:\\\/\\\/bianca-buerger.info\"]}]}<\/script>\n<!-- \/ Yoast SEO plugin. -->","yoast_head_json":{"title":"Ana Popovic Dance To The Rhythm Tour 2026 | Musiktheater Piano","robots":{"index":"index","follow":"follow","max-snippet":"max-snippet:-1","max-image-preview":"max-image-preview:large","max-video-preview":"max-video-preview:-1"},"canonical":"https:\/\/www.musiktheater-piano.de\/en\/events\/ana-popovic-20260326-musiktheater-piano-dortmund\/","og_locale":"en_GB","og_type":"article","og_title":"Ana Popovic Dance To The Rhythm Tour 2026 | Musiktheater Piano","og_description":"Die in Los Angeles lebende, von Kritikern gefeierte Gitarristin und S\u00e4ngerin Ana Popovic wird am 26. September 2025 ihr mit Spannung erwartetes neues Album Dance To The Rhythm (Electric Heel Records) ver\u00f6ffentlichen. Produziert von Popovic selbst und Buthel, pr\u00e4sentiert das Album eine wegweisende Fusion aus Groove, Blues, Funk und Soul. Aufbauend auf den Erfolgen ihrer [&hellip;]","og_url":"https:\/\/www.musiktheater-piano.de\/en\/events\/ana-popovic-20260326-musiktheater-piano-dortmund\/","og_site_name":"Musiktheater Piano","article_publisher":"https:\/\/www.facebook.com\/musiktheaterpiano\/","article_modified_time":"2026-02-02T18:19:51+00:00","og_image":[{"width":1920,"height":1080,"url":"https:\/\/www.musiktheater-piano.de\/wp-content\/uploads\/2026\/01\/ana-popovic-promophotoa-2026-1920.jpg","type":"image\/jpeg"}],"twitter_card":"summary_large_image","schema":{"@context":"https:\/\/schema.org","@graph":[{"@type":"Article","@id":"https:\/\/www.musiktheater-piano.de\/events\/ana-popovic-20260326-musiktheater-piano-dortmund\/#article","isPartOf":{"@id":"https:\/\/www.musiktheater-piano.de\/events\/ana-popovic-20260326-musiktheater-piano-dortmund\/"},"author":{"name":"Bianca","@id":"https:\/\/www.musiktheater-piano.de\/#\/schema\/person\/c2aa179027667246a9118260a94dec9f"},"headline":"Ana Popovic Dance To The Rhythm Tour 2026","datePublished":"2026-01-09T19:56:52+00:00","dateModified":"2026-02-02T18:19:51+00:00","mainEntityOfPage":{"@id":"https:\/\/www.musiktheater-piano.de\/events\/ana-popovic-20260326-musiktheater-piano-dortmund\/"},"wordCount":553,"publisher":{"@id":"https:\/\/www.musiktheater-piano.de\/#organization"},"image":{"@id":"https:\/\/www.musiktheater-piano.de\/events\/ana-popovic-20260326-musiktheater-piano-dortmund\/#primaryimage"},"thumbnailUrl":"https:\/\/www.musiktheater-piano.de\/wp-content\/uploads\/2026\/01\/ana-popovic-promophotoa-2026-1920.jpg","inLanguage":"en-GB"},{"@type":"WebPage","@id":"https:\/\/www.musiktheater-piano.de\/events\/ana-popovic-20260326-musiktheater-piano-dortmund\/","url":"https:\/\/www.musiktheater-piano.de\/events\/ana-popovic-20260326-musiktheater-piano-dortmund\/","name":"Ana Popovic Dance To The Rhythm Tour 2026 | Musiktheater Piano","isPartOf":{"@id":"https:\/\/www.musiktheater-piano.de\/#website"},"primaryImageOfPage":{"@id":"https:\/\/www.musiktheater-piano.de\/events\/ana-popovic-20260326-musiktheater-piano-dortmund\/#primaryimage"},"image":{"@id":"https:\/\/www.musiktheater-piano.de\/events\/ana-popovic-20260326-musiktheater-piano-dortmund\/#primaryimage"},"thumbnailUrl":"https:\/\/www.musiktheater-piano.de\/wp-content\/uploads\/2026\/01\/ana-popovic-promophotoa-2026-1920.jpg","datePublished":"2026-01-09T19:56:52+00:00","dateModified":"2026-02-02T18:19:51+00:00","breadcrumb":{"@id":"https:\/\/www.musiktheater-piano.de\/events\/ana-popovic-20260326-musiktheater-piano-dortmund\/#breadcrumb"},"inLanguage":"en-GB","potentialAction":[{"@type":"ReadAction","target":["https:\/\/www.musiktheater-piano.de\/events\/ana-popovic-20260326-musiktheater-piano-dortmund\/"]}]},{"@type":"ImageObject","inLanguage":"en-GB","@id":"https:\/\/www.musiktheater-piano.de\/events\/ana-popovic-20260326-musiktheater-piano-dortmund\/#primaryimage","url":"https:\/\/www.musiktheater-piano.de\/wp-content\/uploads\/2026\/01\/ana-popovic-promophotoa-2026-1920.jpg","contentUrl":"https:\/\/www.musiktheater-piano.de\/wp-content\/uploads\/2026\/01\/ana-popovic-promophotoa-2026-1920.jpg","width":1920,"height":1080},{"@type":"BreadcrumbList","@id":"https:\/\/www.musiktheater-piano.de\/events\/ana-popovic-20260326-musiktheater-piano-dortmund\/#breadcrumb","itemListElement":[{"@type":"ListItem","position":1,"name":"Startseite","item":"https:\/\/www.musiktheater-piano.de\/"},{"@type":"ListItem","position":2,"name":"Veranstaltungen","item":"https:\/\/www.musiktheater-piano.de\/events\/"},{"@type":"ListItem","position":3,"name":"Ana Popovic Dance To The Rhythm Tour 2026"}]},{"@type":"WebSite","@id":"https:\/\/www.musiktheater-piano.de\/#website","url":"https:\/\/www.musiktheater-piano.de\/","name":"Musiktheater Piano","description":"Eure Musik-Kneipe f\u00fcr Jazz, Blues und Rock","publisher":{"@id":"https:\/\/www.musiktheater-piano.de\/#organization"},"potentialAction":[{"@type":"SearchAction","target":{"@type":"EntryPoint","urlTemplate":"https:\/\/www.musiktheater-piano.de\/?s={search_term_string}"},"query-input":{"@type":"PropertyValueSpecification","valueRequired":true,"valueName":"search_term_string"}}],"inLanguage":"en-GB"},{"@type":"Organization","@id":"https:\/\/www.musiktheater-piano.de\/#organization","name":"Musiktheater Piano","url":"https:\/\/www.musiktheater-piano.de\/","logo":{"@type":"ImageObject","inLanguage":"en-GB","@id":"https:\/\/www.musiktheater-piano.de\/#\/schema\/logo\/image\/","url":"https:\/\/www.musiktheater-piano.de\/wp-content\/uploads\/2023\/10\/logo-neu-2.jpg","contentUrl":"https:\/\/www.musiktheater-piano.de\/wp-content\/uploads\/2023\/10\/logo-neu-2.jpg","width":2000,"height":2000,"caption":"Musiktheater Piano"},"image":{"@id":"https:\/\/www.musiktheater-piano.de\/#\/schema\/logo\/image\/"},"sameAs":["https:\/\/www.facebook.com\/musiktheaterpiano\/","https:\/\/www.instagram.com\/musiktheaterpiano\/","https:\/\/www.youtube.com\/channel\/UCk39QJTr8wrW_uqkwJ3rWIg"]},{"@type":"Person","@id":"https:\/\/www.musiktheater-piano.de\/#\/schema\/person\/c2aa179027667246a9118260a94dec9f","name":"Bianca","sameAs":["https:\/\/bianca-buerger.info"]}]}},"publishpress_future_workflow_manual_trigger":{"enabledWorkflows":[]},"_links":{"self":[{"href":"https:\/\/www.musiktheater-piano.de\/en\/wp-json\/wp\/v2\/mec-events\/6886","targetHints":{"allow":["GET"]}}],"collection":[{"href":"https:\/\/www.musiktheater-piano.de\/en\/wp-json\/wp\/v2\/mec-events"}],"about":[{"href":"https:\/\/www.musiktheater-piano.de\/en\/wp-json\/wp\/v2\/types\/mec-events"}],"author":[{"embeddable":true,"href":"https:\/\/www.musiktheater-piano.de\/en\/wp-json\/wp\/v2\/users\/6"}],"replies":[{"embeddable":true,"href":"https:\/\/www.musiktheater-piano.de\/en\/wp-json\/wp\/v2\/comments?post=6886"}],"version-history":[{"count":2,"href":"https:\/\/www.musiktheater-piano.de\/en\/wp-json\/wp\/v2\/mec-events\/6886\/revisions"}],"predecessor-version":[{"id":7054,"href":"https:\/\/www.musiktheater-piano.de\/en\/wp-json\/wp\/v2\/mec-events\/6886\/revisions\/7054"}],"wp:featuredmedia":[{"embeddable":true,"href":"https:\/\/www.musiktheater-piano.de\/en\/wp-json\/wp\/v2\/media\/6888"}],"wp:attachment":[{"href":"https:\/\/www.musiktheater-piano.de\/en\/wp-json\/wp\/v2\/media?parent=6886"}],"wp:term":[{"taxonomy":"post_tag","embeddable":true,"href":"https:\/\/www.musiktheater-piano.de\/en\/wp-json\/wp\/v2\/tags?post=6886"},{"taxonomy":"mec_category","embeddable":true,"href":"https:\/\/www.musiktheater-piano.de\/en\/wp-json\/wp\/v2\/mec_category?post=6886"},{"taxonomy":"hf_cat_mec-events","embeddable":true,"href":"https:\/\/www.musiktheater-piano.de\/en\/wp-json\/wp\/v2\/hf_cat_mec-events?post=6886"}],"curies":[{"name":"wp","href":"https:\/\/api.w.org\/{rel}","templated":true}]}}